{"id":1262,"date":"2022-05-16T21:51:20","date_gmt":"2022-05-16T19:51:20","guid":{"rendered":"http:\/\/canetaccueil.com\/?page_id=1262"},"modified":"2023-12-15T19:01:16","modified_gmt":"2023-12-15T18:01:16","slug":"photos","status":"publish","type":"page","link":"https:\/\/canetaccueil.com\/index.php\/rando-marche-marche-nordique\/photos\/","title":{"rendered":"Photos"},"content":{"rendered":"<h1 style=\"text-align: center;\"><span style=\"color: #0000ff;\"><strong>REPRISE 2021<\/strong><\/span><\/h1>\n\n\n<div class=\"wp-block-columns is-layout-flex wp-container-core-columns-is-layout-9d6595d7 wp-block-columns-is-layout-flex\">\n<div class=\"wp-block-column is-layout-flow wp-block-column-is-layout-flow\">\n<p><a href=\"https:\/\/photos.app.goo.gl\/ydLYeRfaR9zxdSoK9\"><strong>Ceret 21\/09<\/strong><\/a><strong> <br \/><\/strong><a href=\"https:\/\/photos.app.goo.gl\/EcUFduWjjAe8wp5E6\"><strong>Sor\u00e8de 28\/09 <\/strong><\/a><br \/><a href=\"https:\/\/photos.app.goo.gl\/jDJDmm7K9zNiE88MA\"><strong>Oms 05\/10 <\/strong><\/a><br \/><a href=\"http:\/\/club.quomodo.com\/canet-accueil\/uploads\/images\/714\/IMG_1880.JPG\"><strong>Riunogu\u00e8s 12\/10 <\/strong><\/a><br \/><a href=\"https:\/\/photos.google.com\/share\/AF1QipPqcpDFmBSoxeg7LLRCEipKXhOnYGpB0vpmLycdECOollTzZFPCfiA5A4hYM3hGEQ\/photo\/AF1QipOQ0z1m3yCfN9p3c5KhstuHrTxkQY5POP06i8US?key=TGlEd055OTBNaHY2cjdwTlY3c3ZKRE5ZMFE4cWdn\"><strong>Serrat d&#8217;en Vaquer 13\/10 <\/strong><\/a><br \/><a href=\"https:\/\/photos.app.goo.gl\/mmvf1Fspm93y6w899\"><strong>Laroque des Alb\u00e8res 19\/10<\/strong><\/a> <br \/><a href=\"https:\/\/photos.app.goo.gl\/HBTmnRvixfpCeMAP8\"><strong>Argeles\/Mer 20\/10 <\/strong><\/a><br \/><strong><a href=\"https:\/\/photos.app.goo.gl\/4Zz3maBU9xQA3ZG3A\">Cerb\u00e8res 21\/10<\/a> <\/strong><br \/><a href=\"http:\/\/club.quomodo.com\/canet-accueil\/uploads\/images\/728\/Rando%20mardi%20jour%2009%2011%2021.jpg\"><strong>Joch 09\/11 <\/strong><\/a><br \/><a href=\"https:\/\/photos.app.goo.gl\/Z9CgAESGS1DFY2V79\"><strong>Fourques 09\/11<\/strong><\/a><\/p>\n<\/div>\n\n\n\n<div class=\"wp-block-column is-layout-flow wp-block-column-is-layout-flow\">\n<p><a href=\"https:\/\/photos.app.goo.gl\/p5C9HTr8U9PYAEQ96\"><strong>Toreilles 17\/11 <\/strong><\/a><br \/><a href=\"https:\/\/photos.app.goo.gl\/WKc6GhyPNaHNvSXX7\"><strong>Leucate 18\/11 <\/strong><\/a><br \/><a href=\"https:\/\/photos.app.goo.gl\/NiJzC85rvNuHp3Ag6\"><strong>Marche Nordique 19\/11 <\/strong><\/a><br \/><a href=\"https:\/\/photos.app.goo.gl\/MeyUhHZn1HvRmdMw5\"><strong>Feuilla 23\/11 <\/strong><\/a><br \/><strong><a href=\"https:\/\/photos.app.goo.gl\/oUsPWeiCcsFPPdyu5\">La Palme 30\/11<\/a><\/strong> <br \/><a href=\"https:\/\/photos.google.com\/share\/AF1QipN1vOml0wGsWluzxcHbMm4VWl1xa_G7sMUjkuNPEclkt0xy0j1UjsHiCXg2YK-w9Q?key=d0tBX3lCQTBERGx1ZHZ6UlB6dHk3djF6QmxDeXhB\"><strong>Salses 01\/12 <\/strong><\/a><br \/><a href=\"https:\/\/photos.app.goo.gl\/Q1kKqEfrKorFiKPH7\"><strong>La Palme 02\/12 <\/strong><\/a><br \/><a href=\"https:\/\/photos.app.goo.gl\/xQ2imExWrRVyYgGWA\"><strong>Leucate 08\/12<\/strong><\/a> <br \/><a href=\"https:\/\/photos.app.goo.gl\/xSnKJuSTosFQzuDUA\"><strong>Port Vendres 09\/12<\/strong><\/a> <br \/><a href=\"https:\/\/photos.app.goo.gl\/zNL7MMyNDBzFeytSA\"><strong>D\u00e9jeuner Rombeau 10\/12<\/strong><\/a><\/p>\n<\/div>\n\n\n\n<div class=\"wp-block-column is-layout-flow wp-block-column-is-layout-flow\">\n<p><a href=\"https:\/\/photos.app.goo.gl\/sjwZ6NoBgJwPd4LS7\"><strong>Molitg 14\/12 <\/strong><\/a><br \/><a href=\"https:\/\/photos.app.goo.gl\/q3KeoUBy5eTSsuut9\"><strong>Le Boulou 14\/12 <\/strong><\/a><br \/><a href=\"https:\/\/photos.app.goo.gl\/7ikawyBrGzxLMkri9\"><strong>Formentera 16\/12<\/strong><\/a> <br \/><a href=\"http:\/\/club.quomodo.com\/canet-accueil\/uploads\/images\/739\/IMG_3753.jpeg\"><strong>Marche Nordique 17\/12 <\/strong><\/a><br \/><a href=\"http:\/\/club.quomodo.com\/canet-accueil\/uploads\/images\/747\/IMG_1018.jpeg\"><strong>Marche Nordique 31\/12<\/strong><\/a><\/p>\n<\/div>\n<\/div>\n\n\n\n<hr class=\"wp-block-separator has-alpha-channel-opacity\"\/>\n\n\n<h1 style=\"text-align: center;\"><span style=\"color: #0000ff;\"><strong>2022<\/strong><\/span><\/h1>\n\n\n<div class=\"wp-block-columns is-layout-flex wp-container-core-columns-is-layout-9d6595d7 wp-block-columns-is-layout-flex\">\n<div class=\"wp-block-column is-layout-flow wp-block-column-is-layout-flow\">\n<p><a href=\"https:\/\/photos.app.goo.gl\/hE6EfnKPBhdMyQwaA\"><strong>Marche Nordique 07\/01<\/strong><\/a> <br \/><strong><a href=\"https:\/\/photos.app.goo.gl\/NmmDNp65JCXKxy5Z9\">La Palme 11\/01<\/a><\/strong> <br \/><a href=\"https:\/\/photos.app.goo.gl\/mkBKp75ZmoquuwHW7\"><strong>Port Vendres 11\/01 <\/strong><\/a> <br \/><a href=\"https:\/\/photos.app.goo.gl\/HAHtJPCtCviEyRwX7\"><strong>Eus 13\/01 <\/strong><\/a> <br \/><a href=\"https:\/\/photos.app.goo.gl\/sVmFx58W4H5ZAvDY6\"><strong>Port Vendres 13\/01<\/strong><\/a> <br \/><a href=\"https:\/\/photos.app.goo.gl\/T3ywxeYaZPCKMqds5\"><strong>Montauriol 18\/01<\/strong><\/a> <br \/><a href=\"https:\/\/photos.app.goo.gl\/x21NkwtpRW2vzM9y8\"><strong>Marche Canet 19\/01 <\/strong><\/a> <br \/><a href=\"https:\/\/photos.app.goo.gl\/xeDsxCwa2ky4LjXk9\"><strong>Montauriol 20\/01 <\/strong><\/a><br \/><a href=\"https:\/\/photos.google.com\/share\/AF1QipOIdScHh9sqhFMXkcb0NxuQlnQqX5hefzryxs8tUvC73eIpiWiu6zpU12LzM9Xl7A?key=RWlvUjFON0l6STJac1RXQWpJTlRrZnA5bmRJOXJR\"><strong>Ceret 20\/01<\/strong><\/a> <br \/><a href=\"https:\/\/photos.app.goo.gl\/dF8Fxn7kxiuPA8tJ7\"><strong>Marche Nordique 21\/01<\/strong><\/a><\/p>\n<\/div>\n\n\n\n<div class=\"wp-block-column is-layout-flow wp-block-column-is-layout-flow\">\n<p><a href=\"https:\/\/photos.app.goo.gl\/3RdQU26EtBpbN3gd7\"><strong>St Colombe 25\/01<\/strong><\/a> <br \/><a href=\"https:\/\/photos.app.goo.gl\/q7dNqntNA6r9JrZNA\"><strong>Canal Noh\u00e8des 25\/01 <\/strong><\/a> <br \/><a href=\"https:\/\/photos.app.goo.gl\/Ky4SwpKRrExWEdo9A\"><strong>Finestret 27\/01 <\/strong><\/a> <br \/><a href=\"https:\/\/photos.app.goo.gl\/b2gneFhM12zbYnpz6\"><strong>St Colombe Commanderie 27\/01<\/strong><\/a> <br \/><a href=\"https:\/\/photos.app.goo.gl\/ZaPQUhuEBYWwaTmW8\"><strong>Laroque Alb\u00e8res 01\/02 <\/strong><\/a> <br \/><a href=\"https:\/\/photos.app.goo.gl\/NtmS2q9k7PAgSWrK6\"><strong>Glorianes 03\/02 <\/strong><\/a> <br \/><a href=\"https:\/\/photos.app.goo.gl\/4MdErxDTpgH8TDnp8\"><strong>Rodes 03\/02<\/strong><\/a> <br \/><strong><a href=\"https:\/\/photos.app.goo.gl\/8m9C51aE9xSTdAUFA\">Collioure 08\/02<\/a><\/strong> <br \/><a href=\"https:\/\/photos.app.goo.gl\/STm5d8Vjodp5R5M76\"><strong>Salses 08\/02<\/strong><\/a> <br \/><strong><a href=\"https:\/\/photos.app.goo.gl\/gW4WYdQRC4E97CpD9\">Collioure 10\/02<\/a><\/strong><\/p>\n<\/div>\n\n\n\n<div class=\"wp-block-column is-layout-flow wp-block-column-is-layout-flow\">\n<p><strong><a href=\"https:\/\/photos.app.goo.gl\/nEHQLv4FPZ9rBovs7\">Opoul 15\/02<\/a> <\/strong> <br \/><strong><a href=\"https:\/\/photos.app.goo.gl\/s3TSpZov14VbXxou5\">St Jean Pla Cort 17\/02<\/a><\/strong> <br \/><a href=\"https:\/\/photos.app.goo.gl\/tcMor9m2ac4TaMKAA\"><strong>Col Auzine 17\/02<\/strong><\/a> <br \/><a href=\"https:\/\/photos.app.goo.gl\/bdH2c4vmGqWfP56i8\"><strong>Banyuls 08\/03<\/strong><\/a> <br \/><a href=\"https:\/\/photos.app.goo.gl\/AhsC1ZKR1MZrNvRWA\"><strong>St Michel Llotes 10\/03<\/strong><\/a> <br \/><strong><a href=\"https:\/\/photos.app.goo.gl\/q4S7DxrWei6T51iE8\">Port de la Selva 10\/03<\/a><\/strong> <br \/><a href=\"https:\/\/photos.app.goo.gl\/dYE28knhNncEbRej9\"><strong>Calce 22\/03<\/strong><\/a> <br \/><a href=\"https:\/\/photos.app.goo.gl\/KaMGHJJ61wzNmD748\"><strong>Ansignan 22\/03<\/strong><\/a> <br \/><a href=\"https:\/\/photos.app.goo.gl\/cKzbCXNfwTRrSpCV8\"><strong>Calce 24\/03<\/strong><\/a> <br \/><a href=\"https:\/\/photos.app.goo.gl\/9Nu3qNtap2NiB8ap6\"><strong>Am\u00e9lie les Bains\/24\/03\/22<\/strong><\/a><\/p>\n<\/div>\n<\/div>\n\n\n\n<div class=\"wp-block-columns is-layout-flex wp-container-core-columns-is-layout-9d6595d7 wp-block-columns-is-layout-flex\">\n<div class=\"wp-block-column is-layout-flow wp-block-column-is-layout-flow\">\n<p><a href=\"https:\/\/photos.app.goo.gl\/mtfy32dPMwqSGzLR8\"><strong>Tord\u00e8res Rando 25\/03<\/strong><\/a> <br \/><a href=\"https:\/\/photos.app.goo.gl\/JoZvYxEu57HA1UnLA\"><strong>Tord\u00e8res D\u00e9jeuner Le Mona 25\/03<\/strong><\/a> <br \/><a href=\"https:\/\/photos.app.goo.gl\/LER9mSXQsPtswKhN9\"><strong>Catllar 29\/03<\/strong><\/a> <br \/><a href=\"https:\/\/photos.app.goo.gl\/GT5WVG6FsruFbwqo9\"><strong>Caramany 29\/03<\/strong><\/a> <br \/><a href=\"https:\/\/photos.app.goo.gl\/4P8WCp37egJ1etyT9\"><strong>Catllar 31\/03<\/strong><\/a> <br \/><a href=\"https:\/\/photos.app.goo.gl\/2jbgi8iLiZXohLF56\"><strong>Les Cluses 31\/03<\/strong><\/a> <br \/><a href=\"https:\/\/photos.app.goo.gl\/ywd1A6gM3YnEdMC78\"><strong>Opoul 05\/04<\/strong><\/a> <br \/><a href=\"https:\/\/photos.app.goo.gl\/qEPpgzbFghptoQXa7\"><strong>St Hippolyte 05\/04<\/strong><\/a> <br \/><a href=\"https:\/\/photos.app.goo.gl\/EbxP7UzP3AbZzdUDA\"><strong>St Paul Fenouillet 07\/04<\/strong><\/a> <br \/><a href=\"https:\/\/photos.app.goo.gl\/6Uq2Z4VWqAc78eRg6\"><strong>Fuilla 12\/04<\/strong><\/a><\/p>\n<\/div>\n\n\n\n<div class=\"wp-block-column is-layout-flow wp-block-column-is-layout-flow\">\n<p><a href=\"https:\/\/photos.app.goo.gl\/CCUgAkQkrt95YAST6\"><strong>Sigean 12\/04<\/strong><\/a> <br \/><a href=\"https:\/\/photos.app.goo.gl\/sHSA9h4C7yiAbKiU7\"><strong>Thorrent 14\/04<\/strong><\/a> <br \/><a href=\"https:\/\/photos.app.goo.gl\/g6jj5Uiiuq95Wc8EA\"><strong>Sigean 14\/04<\/strong><\/a> <br \/><a href=\"https:\/\/photos.app.goo.gl\/Mt3P7isTxzKz2hpv8\"><strong>Marche Nordique 15\/04<\/strong><\/a> <br \/><a href=\"https:\/\/photos.app.goo.gl\/xKLBLitZc6Suf8DPA\"><strong>Lavall 19\/04<\/strong><\/a><br \/><a href=\"https:\/\/photos.app.goo.gl\/43wgro12uEyJXksW9\"><strong>Toreilles 19\/04<\/strong><\/a> <br \/><a href=\"https:\/\/photos.app.goo.gl\/Qpd6aV3DxvsQ9CtF7\"><strong>Rod\u00e8s 10\/05<\/strong><\/a> <br \/><strong><a href=\"https:\/\/photos.app.goo.gl\/yKsvVMpWSDXgZADeA\">Montauriol 10\/05<\/a><\/strong><\/p>\n<p><a href=\"https:\/\/photos.app.goo.gl\/45G5KomRLJW6nLvh6\"><strong>Rodes 12\/05<\/strong><\/a><br \/><strong><a href=\"https:\/\/photos.app.goo.gl\/FHB6ftszUM5c975F8\">Arles\/Tech 17\/05<\/a><\/strong><\/p>\n<\/div>\n\n\n\n<div class=\"wp-block-column is-layout-flow wp-block-column-is-layout-flow\">\n<p><strong><a href=\"https:\/\/photos.app.goo.gl\/rn7BzNi4rp2NSw1g6\">Feuilla 17\/05<\/a><\/strong><br \/><strong><a href=\"https:\/\/photos.app.goo.gl\/vLnHf9fL4ogRDT5p6\">Bassagoda 19\/05<\/a><\/strong><br \/><strong><a href=\"https:\/\/photos.app.goo.gl\/yQXNH1CT9gDWrCCi7\">Feuilla 24\/05<\/a><\/strong><br \/><strong><a href=\"https:\/\/photos.app.goo.gl\/P1jmSkCb33k2bTwK9\">Laman\u00e8re 26\/05<\/a><\/strong><br \/><strong><a href=\"https:\/\/photos.app.goo.gl\/JTa9eZ7s7eyvf2cH9\">Laroque 24\/5<\/a><\/strong><br \/><strong><a href=\"https:\/\/photos.app.goo.gl\/6po8sD3eS2N2ZKg69\">Corb\u00e8re 31\/5<\/a><\/strong><br \/><strong><a href=\"https:\/\/photos.app.goo.gl\/R5msm6cj8CKwhLao7\">Castelnou 31\/5<\/a><\/strong><br \/><strong><a href=\"https:\/\/photos.app.goo.gl\/tj4oqkmcFCccqjpZ8\">Le Bugarach 02\/06<\/a><\/strong><br \/><strong><a href=\"https:\/\/photos.app.goo.gl\/bErepuuLFUHUkCb69\">Reyn\u00e8s 07\/06<\/a><\/strong><\/p>\n<p><strong><a href=\"https:\/\/photos.app.goo.gl\/Dw1tYfinsuo1EYe76\">Corsavy 07\/06<\/a><\/strong><br \/><strong><a href=\"https:\/\/photos.app.goo.gl\/85AfQCQGXrfVB6sr6\">Reyn\u00e8s 09\/06<\/a><\/strong><\/p>\n<\/div>\n<\/div>\n\n\n\n<div class=\"wp-block-columns is-layout-flex wp-container-core-columns-is-layout-9d6595d7 wp-block-columns-is-layout-flex\">\n<div class=\"wp-block-column is-layout-flow wp-block-column-is-layout-flow\">\n<p><strong><a href=\"https:\/\/photos.app.goo.gl\/BghmycHPfRV5nvsN9\" target=\"_blank\" rel=\"noopener\">T. Madeloc 09\/06<\/a><\/strong><br \/><strong><a href=\"https:\/\/photos.app.goo.gl\/sdZBdH67QLdVCy2d6\" target=\"_blank\" rel=\"noopener\">Peyriac 14\/06<\/a><\/strong><br \/><strong><a href=\"https:\/\/photos.app.goo.gl\/QT89NN8kegW5uD5b7\" target=\"_blank\" rel=\"noopener\">St Thomas les bains 14\/06<\/a><\/strong><br \/><strong><a href=\"https:\/\/photos.app.goo.gl\/DryUjFaCqH8r9m4o8\" target=\"_blank\" rel=\"noopener\">Peyriac 16\/06<\/a><\/strong><br \/><strong><a href=\"https:\/\/photos.app.goo.gl\/2HBBN2WNEwqU8q3AA\" target=\"_blank\" rel=\"noopener\">Mantet 16\/06<\/a><\/strong><br \/><strong><a href=\"https:\/\/photos.app.goo.gl\/BK2UnYgnmsMk8WPu8\" target=\"_blank\" rel=\"noopener\">Reynes 21\/06<\/a><\/strong><br \/><strong><a href=\"https:\/\/photos.app.goo.gl\/t1wMGZaaovHz99CN7\" target=\"_blank\" rel=\"noopener\">La Preste 23\/06<\/a><\/strong><br \/><strong><a href=\"https:\/\/photos.app.goo.gl\/fjYxP2nYsXBzdhf8A\" target=\"_blank\" rel=\"noopener\">Valmy 21, 23\/06<\/a><\/strong><\/p>\n<p><strong><a href=\"https:\/\/photos.app.goo.gl\/vDE8oNgZQ7zWp4Nc7\" target=\"_blank\" rel=\"noopener\">Leucate 28\/06<\/a><\/strong><br \/><strong><a href=\"https:\/\/photos.app.goo.gl\/8vHcx6qWBjkvm3ETA\" target=\"_blank\" rel=\"noopener\">Paziols 28\/06<\/a><\/strong><\/p>\n<p><strong><a href=\"https:\/\/photos.app.goo.gl\/8rBAVT8UX8bHT8T37\" target=\"_blank\" rel=\"noopener\">Marc<\/a><a href=\"https:\/\/photos.app.goo.gl\/8rBAVT8UX8bHT8T37\">he Nordique Amelie les bains 01\/07<\/a><\/strong><\/p>\n<p><strong><em>REPRISE SEPTEMBRE<\/em><\/strong><br \/><strong><a href=\"https:\/\/photos.app.goo.gl\/ierm8vQ2JpwN8Ast8\" target=\"_blank\" rel=\"noopener\">Fuilla &#8211; Chemin de l&#8217;eau et du fer 20\/09\/2022<\/a><\/strong><br \/><strong><a href=\"https:\/\/photos.app.goo.gl\/eGqiYj651Hhfe1x1A\" target=\"_blank\" rel=\"noopener\">Feuilla &#8211; Boucle 20\/09\/2022<\/a><\/strong><br \/><strong><a href=\"https:\/\/photos.app.goo.gl\/QoH9t5oQizNKwNtK7\" target=\"_blank\" rel=\"noopener\">Marche &#8211; Canet Embouchure T\u00eat 21\/09\/2022<\/a><\/strong><br \/><strong><a href=\"https:\/\/photos.app.goo.gl\/ggE4UornS8YhGZSK8\" target=\"_blank\" rel=\"noopener\">Thues &#8211; 22\/09\/2022<\/a><\/strong><br \/><strong><a href=\"https:\/\/photos.app.goo.gl\/aDHqFq8REVgzkPF68\" target=\"_blank\" rel=\"noopener\">Feuilla &#8211; Boucle 22\/09\/2022<\/a><\/strong><br \/><strong><a href=\"https:\/\/photos.app.goo.gl\/fPizyHjRq4yzS4878\" target=\"_blank\" rel=\"noopener\">Marche &#8211; Villeneuve Raho 28\/09\/2022<\/a><\/strong><\/p>\n<\/p>\n<\/div>\n\n\n\n<div class=\"wp-block-column is-layout-flow wp-block-column-is-layout-flow\">\n<p><strong><a href=\"https:\/\/photos.app.goo.gl\/W6vrqwtYqE2p3rNZ7\" target=\"_blank\" rel=\"noopener\">Vernet les Bains &#8211; Tour de Goa 04\/10\/2022<\/a><\/strong><br \/><a href=\"https:\/\/photos.app.goo.gl\/757hZ3NRydpYqEW98\" target=\"_blank\" rel=\"noopener\"><strong>Laroque &#8211; Font dels Simiots 04\/10\/2022<\/strong><br \/><\/a><strong><a href=\"https:\/\/photos.app.goo.gl\/GfYPLeodVzvHLA6GA\" target=\"_blank\" rel=\"noopener\">Sailfort &#8211; Coulomates &#8211; 06\/10\/2022<\/a><\/strong><br \/><strong><a href=\"https:\/\/photos.app.goo.gl\/DpS951QsqxXzFibn8\" target=\"_blank\" rel=\"noopener\">Laroque &#8211; Font dels Simiots &#8211; 06\/10\/2022<\/a><\/strong><br \/><strong><a href=\"https:\/\/photos.app.goo.gl\/PiDV6UPNLV69KMUy6\" target=\"_blank\" rel=\"noopener\">Rosas &#8211; Rando baladoire &#8211; 08\/10\/2022<\/a><\/strong><br \/><strong><a href=\"https:\/\/photos.app.goo.gl\/wvN96tFuUhm5CFX49\" target=\"_blank\" rel=\"noopener\">Terrades &#8211; Santa Magdalena 11\/10\/2022<\/a><\/strong><br \/><strong><a href=\"https:\/\/photos.app.goo.gl\/3hVF2U5RRkj8EUEE8\" target=\"_blank\" rel=\"noopener\">Marche &#8211; Perpignan, le canal 12\/10\/2022<\/a><\/strong><\/p>\n<p><strong><a href=\"https:\/\/photos.app.goo.gl\/UzSi4u2zKKkgkeXB6\" target=\"_blank\" rel=\"noopener\">Mantet &#8211; Tr\u00e8s Estrelles 13\/10\/2022<\/a><\/strong><br \/><strong><a href=\"https:\/\/photos.app.goo.gl\/dCLdcC5B1MtDPYHg9\" target=\"_blank\" rel=\"noopener\">Valmy &#8211; Chapelle St Laurent 18\/10\/2022<\/a><\/strong><br \/><strong><a href=\"https:\/\/photos.app.goo.gl\/NNKrRF58NGNqXfCDA\" target=\"_blank\" rel=\"noopener\">Nyer &#8211; Souanyas Marans 18\/10\/2022<\/a><\/strong><br \/><strong><a href=\"https:\/\/photos.google.com\/share\/AF1QipPJ52T93YeJ69lnyksegwGm_uff7gdy9l74NBH-O2porV7GS31FbTc5YGf7IMI95w?key=RjZoUl9YTHhXd0xCeV85RHNPaVNtSjg5LUtuVE13&amp;obfsgid=112581685134608047662&amp;email=rando.ca66@gmail.com\" target=\"_blank\" rel=\"noopener\">Marche, St Nazaire &#8211; Sentier du Terroir 19\/10\/2022<\/a><\/strong><br \/><strong><a href=\"https:\/\/photos.app.goo.gl\/xvbX193Ux6fzV91o9\" target=\"_blank\" rel=\"noopener\">Evol &#8211; Cami Ramader 20\/10\/2022<\/a>&nbsp;<\/strong><br \/><strong><a href=\"https:\/\/photos.app.goo.gl\/YaRNzJFCJePwGydZA\" target=\"_blank\" rel=\"noopener\">Valmy &#8211; Chapelle St Laurent 20\/10\/2022<\/a><\/strong><br \/><strong><a href=\"https:\/\/photos.app.goo.gl\/1e2gPG4DBAuk76TN9\" target=\"_blank\" rel=\"noopener\">Cluses &#8211; Sentier panoramique 10\/11\/2022<\/a><\/strong><br \/><strong><a href=\"https:\/\/photos.app.goo.gl\/DGEGkEWC5z5Tatdz7\" target=\"_blank\" rel=\"noopener\">La Llau &#8211; Rfg St Guilhem 08\/11\/2022<\/a><\/strong><\/p>\n<p><strong><a href=\"https:\/\/photos.google.com\/share\/AF1QipOybuTJ00T_s0clsPo49dewUXDzUeYLCSXruClSUNdEcCPGLyhIZS3zai6XcrmNGw?key=N3g4MmJOeC1oTWlpZXoyY2dNRWFhbnRzaVJwSEZR\" target=\"_blank\" rel=\"noopener\">Marche &#8211; Argel\u00e8s Plage 09\/11\/2022<\/a><\/strong><br \/><strong><a href=\"https:\/\/photos.app.goo.gl\/CfuDjzvkw86JqN9G7\" target=\"_blank\" rel=\"noopener\">Beuda &#8211; Mar de Deu del Mont 10\/11\/2022<\/a><\/strong><br \/><strong><a href=\"https:\/\/photos.app.goo.gl\/fu1FCLRJKAj4m94n7\" target=\"_blank\" rel=\"noopener\">Caves &#8211; Sentier de la garrigue 15\/11\/2022<\/a><\/strong><br \/><a href=\"https:\/\/photos.app.goo.gl\/sNMRspzfbhNpYs8P6\" target=\"_blank\" rel=\"noopener\"><strong>Gruissan &#8211; \u00cele St Martin 15\/11\/2022<\/strong><\/a><\/p>\n<p>&nbsp;<\/p>\n<\/div>\n\n\n\n<div class=\"wp-block-column is-layout-flow wp-block-column-is-layout-flow\">\n<p><strong><a href=\"https:\/\/photos.app.goo.gl\/wVQVVD7bjsuRz9DHA\" target=\"_blank\" rel=\"noopener\">Montauriol &#8211; Chemin du Fer 22\/11\/2022<\/a><\/strong><br \/><strong><a href=\"https:\/\/photos.app.goo.gl\/KwjyrovjBVmoWDoB7\" target=\"_blank\" rel=\"noopener\">Corsavy &#8211; For\u00eat myst\u00e9rieuse 22\/11\/2022<\/a><\/strong><br \/><strong><a href=\"https:\/\/photos.app.goo.gl\/vvKH7coSV9DBpquB9\" target=\"_blank\" rel=\"noopener\">Eus &#8211; Pic de Bau, Roc Jal\u00e8re&nbsp; 24\/11\/2022<\/a><\/strong><br \/><strong><a href=\"https:\/\/photos.app.goo.gl\/SaRFno8BmZiE8TY3A\" target=\"_blank\" rel=\"noopener\">Laroque &#8211; Mas d&#8217;en Clic&nbsp; 29\/11\/2022<\/a><\/strong><br \/><strong><a href=\"https:\/\/photos.google.com\/share\/AF1QipMjOXleg-6W9C3yoxa5tl9o1RHPhZEaeov35DHZs_WYX9Bu_pIkaWU-6fmmWaKbyA?key=UHRPUEpSVnV6N1B0OFdod3BkQzdOYWJGZm1oeEJB\" target=\"_blank\" rel=\"noopener\">Valmy &#8211; Tour Massane&nbsp;&nbsp; 29\/11\/2022<\/a><\/strong><br \/><strong><a href=\"https:\/\/photos.app.goo.gl\/vSfNcAZyE2kzFMLG9\" target=\"_blank\" rel=\"noopener\">Marche &#8211; St Hippolyte 30\/11\/2022<\/a><\/strong><br \/><strong><a href=\"https:\/\/photos.app.goo.gl\/L46Uk9HRHWaL1Y3XA\" target=\"_blank\" rel=\"noopener\">St Paul Fenouillet &#8211; Couillade Ventefarine 01\/12\/2022<\/a><\/strong><br \/><strong><a href=\"https:\/\/photos.app.goo.gl\/pd252dKNUuSv4ndu9\" target=\"_blank\" rel=\"noopener\">Marche Nordique &#8211; Torreilles 02\/12\/2022<\/a><\/strong><br \/><strong><a href=\"https:\/\/photos.app.goo.gl\/MVWDvGZ1ezGxGZGk9\" target=\"_blank\" rel=\"noopener\">Terrats &#8211; Les Coteaux 06\/12\/2022<\/a><\/strong><br \/><strong><a href=\"https:\/\/photos.google.com\/share\/AF1QipPIsm-429T9eJdrFiKiOZL9mCtevj6AKEbHyOtZj7fetFaOAICuFP9Txvsm4ZflvA\/photo\/AF1QipNZnqDByp9rZZclg7cTwT_v_QCz9SiflrqdQ3aO?key=QUdPZENZcDdLOUJtSTNCMGdZVDJTUVhuYnhVcktR\" target=\"_blank\" rel=\"noopener\">Laroque &#8211; Balma del Moro 06\/12\/2022<\/a><\/strong><br \/><strong><a href=\"https:\/\/photos.app.goo.gl\/VWme2oTCi8hZPK6L8\" target=\"_blank\" rel=\"noopener\">Marche &#8211; Palau del Vidre 07\/12\/2022<\/a><\/strong><br \/><strong><a href=\"https:\/\/photos.app.goo.gl\/L9AXVifR3mf4Aagb6\" target=\"_blank\" rel=\"noopener\">Terrats &#8211; Les Coteaux 08\/12\/2022<\/a><\/strong><br \/><strong><a href=\"https:\/\/photos.app.goo.gl\/4Tx8frARSYRA2oG7A\" target=\"_blank\" rel=\"noopener\">Vernet les Bains !!! 08\/12\/2022<\/a><\/strong><br \/><strong><a href=\"https:\/\/photos.app.goo.gl\/zQVL93EEujZVA69QA\" target=\"_blank\" rel=\"noopener\">Fraiss\u00e9 des Corbi\u00e8res &#8211; Pied du Poul<\/a><\/strong><br \/><strong><a href=\"https:\/\/photos.app.goo.gl\/1yTC3sUHwWNNUPSXA\" target=\"_blank\" rel=\"noopener\">Serralongue &#8211; Tours Cabrens 16\/12\/2022<\/a><\/strong><br \/><a href=\"https:\/\/photos.app.goo.gl\/Fr61DTSSKGncEMoP8\" target=\"_blank\" rel=\"noopener\"><strong>Marche Nordique &#8211; Villleneuve Raho 16\/12<\/strong><\/a><\/p>\n<\/p>\n<\/div>\n<\/div>\n\n\n\n<hr class=\"wp-block-separator has-alpha-channel-opacity\"\/>\n\n\n<h1 style=\"text-align: center;\"><span style=\"color: #0000ff;\"><strong>2023<\/strong><\/span><\/h1>\n\n\n<div class=\"wp-block-columns is-layout-flex wp-container-core-columns-is-layout-9d6595d7 wp-block-columns-is-layout-flex\">\n<div class=\"wp-block-column is-layout-flow wp-block-column-is-layout-flow\">\n<p><a rel=\"noreferrer noopener\" href=\"https:\/\/photos.app.goo.gl\/TD24L819RSouVhy46\" target=\"_blank\">St Hippolyte 03\/01\/2023<\/a><br><a rel=\"noreferrer noopener\" href=\"https:\/\/photos.app.goo.gl\/GLMaysroMWrY5feE8\" target=\"_blank\">Banyuls &#8211; Brau d&#8217;Abeille 03\/01\/2023<\/a><br><a rel=\"noreferrer noopener\" href=\"https:\/\/photos.app.goo.gl\/2mGdxnDe9MdfotRK7\" target=\"_blank\">Marche Argeles &#8211; ND de Vie 04\/01\/2023<\/a><br><a rel=\"noreferrer noopener\" href=\"https:\/\/photos.app.goo.gl\/J24f6XWuRonhohMTA\" target=\"_blank\">Villefranche Conflent &#8211; ND de Vie 05\/01\/2023<\/a><br><a rel=\"noreferrer noopener\" href=\"https:\/\/photos.app.goo.gl\/d9F9XXvUrRiNFjHk8\" target=\"_blank\">St Michel de Llotes &#8211; Casefabre 10\/01\/2023<\/a><br><a href=\"https:\/\/photos.app.goo.gl\/wztGRMXSf9vHY2XRA\">Vives &#8211; Sentier du Li\u00e8ge 10\/01\/2023<\/a><br><a rel=\"noreferrer noopener\" href=\"https:\/\/photos.app.goo.gl\/936DhbkgJV6sFAWm7\" target=\"_blank\">Caudi\u00e8s &#8211; Campeau 12\/01\/2023<\/a><br><a rel=\"noreferrer noopener\" href=\"https:\/\/photos.app.goo.gl\/K6Z74htkR4eDXdqy5\" target=\"_blank\">Vives &#8211; Chemin du li\u00e8ge 12\/01\/2023<\/a><br><a rel=\"noreferrer noopener\" href=\"https:\/\/photos.app.goo.gl\/pmY6cL6Fvy1Fc6yBA\" target=\"_blank\">Banyuls &#8211; La Madeloc 19\/01\/2023<\/a><br><a rel=\"noreferrer noopener\" href=\"https:\/\/photos.app.goo.gl\/W2SqsCuLjajuU36W6\" target=\"_blank\">Fourques &#8211; Ch Adrienne 19\/01\/2023<\/a><br><a rel=\"noreferrer noopener\" href=\"https:\/\/photos.app.goo.gl\/wiN6XWxfca9hgsNN8\" target=\"_blank\">St Nazaire &#8211; Sentier du terroir 24\/01\/2023<\/a><br><a rel=\"noreferrer noopener\" href=\"https:\/\/photos.app.goo.gl\/PVAAXxQgi5C9GR188\" target=\"_blank\">Banyuls &#8211; Tour Querroig 26\/01\/2023<\/a><br><a rel=\"noreferrer noopener\" href=\"https:\/\/photos.app.goo.gl\/8UfYT75L4ny8aQKm8\" target=\"_blank\">Corneilla la Rivi\u00e8re &#8211; For\u00e7a R\u00e9al 31\/01\/2023<\/a><br><a rel=\"noreferrer noopener\" href=\"https:\/\/photos.app.goo.gl\/3McqWMr6Z5og6CzWA\" target=\"_blank\">Glorianes &#8211; Roc rouge, les mines 02\/02\/2023<\/a><br><a rel=\"noreferrer noopener\" href=\"https:\/\/photos.app.goo.gl\/QTL471hiSmTo64xH7\" target=\"_blank\">Marche Nordique 13\/01- 03\/02\/2023<\/a><br><a rel=\"noreferrer noopener\" href=\"https:\/\/photos.app.goo.gl\/nT6RPt1mDAxytBYj8\" target=\"_blank\">Tord\u00e8res LLauro 09\/02\/2023<\/a><br><a rel=\"noreferrer noopener\" href=\"https:\/\/photos.app.goo.gl\/VX4hKDzo7zK6tN7D7\" target=\"_blank\">Ste Colombe Commanderie &#8211; Roc Majorque 09\/02\/2023<\/a><br><a rel=\"noreferrer noopener\" href=\"https:\/\/photos.app.goo.gl\/UtCtG86MCXNqSdGe7\" target=\"_blank\">Port Vendres &#8211; Taillefer Collioure 14\/02\/2023<\/a><br><a rel=\"noreferrer noopener\" href=\"https:\/\/photos.app.goo.gl\/CMNKvn9dxtzHPD979\" target=\"_blank\">Embres et Castelmaure 16\/02\/2023<\/a><br><br><br><br><br><br><br><br><br><br><br><\/p>\n<\/div>\n\n\n\n<div class=\"wp-block-column is-layout-flow wp-block-column-is-layout-flow\">\n<p><a rel=\"noreferrer noopener\" href=\"https:\/\/photos.app.goo.gl\/14FUNoc5tKDrH4658\" target=\"_blank\">Le Racou &#8211; Collioure 07\/03\/2023<\/a><br><a rel=\"noreferrer noopener\" href=\"https:\/\/photos.app.goo.gl\/9ZH6jnQ6nDjQh9gP6\" target=\"_blank\">Sorede -Roc de Medes 07\/03\/2023<\/a><br><a rel=\"noreferrer noopener\" href=\"https:\/\/photos.app.goo.gl\/jT1raqUbL9ENpsNx9\" target=\"_blank\">Marche Laroque 08\/03\/2023<\/a><br><a rel=\"noreferrer noopener\" href=\"https:\/\/photos.app.goo.gl\/Q3CY2duHEdNHB41y6\" target=\"_blank\">Le Racou &#8211; Collioure 09\/03\/2023<\/a><br><a rel=\"noreferrer noopener\" href=\"https:\/\/photos.app.goo.gl\/XPHHmCuY74b1nxpf8\" target=\"_blank\">Sahorre 09\/03\/2023<\/a><br><a rel=\"noreferrer noopener\" href=\"https:\/\/photos.app.goo.gl\/XigsWxzjpeB9qtFB9\" target=\"_blank\">St Martin l&#8217;Alb\u00e8re 14\/03\/2023<\/a><br><a rel=\"noreferrer noopener\" href=\"https:\/\/photos.app.goo.gl\/wRjqjT6m9KKfaiR16\" target=\"_blank\">Panissars 14\/03\/2023<\/a><br><a rel=\"noreferrer noopener\" href=\"https:\/\/photos.app.goo.gl\/zaFueBjcvXU3h6fo7\" target=\"_blank\">Marche Villemolaque &#8211; Monastir del Camp 15\/03\/2023<\/a><br><a rel=\"noreferrer noopener\" href=\"https:\/\/photos.app.goo.gl\/WPUT1MmWLkr1tDmVA\" target=\"_blank\">Las Illas Pic des Salines 16\/03\/2023<\/a><br><a rel=\"noreferrer noopener\" href=\"https:\/\/photos.app.goo.gl\/mLQf6dTjWrB3kELg8\" target=\"_blank\">Termes &#8211; Moulitor 21\/03\/2023<\/a><br><a rel=\"noreferrer noopener\" href=\"https:\/\/photos.app.goo.gl\/kHihUGt56hgPRGWt9\" target=\"_blank\">Sorede &#8211; La Fargue 23\/03\/2023<\/a><br><a rel=\"noreferrer noopener\" href=\"https:\/\/photos.app.goo.gl\/JpYqdzrc39br5FvT7\" target=\"_blank\">Peyriac de Mer 28\/03\/2023<\/a><br><a rel=\"noreferrer noopener\" href=\"https:\/\/photos.app.goo.gl\/CG5tLxybcRXs1M528\" target=\"_blank\">Vernet les Bains 30\/03\/2023<\/a><br><a rel=\"noreferrer noopener\" href=\"https:\/\/photos.app.goo.gl\/KyfqXnaQeWv2BhobA\" target=\"_blank\">St Michel de Cuxa 04\/04\/2023<\/a><br><a rel=\"noreferrer noopener\" href=\"https:\/\/photos.app.goo.gl\/HH49C8Fmcyukyf6K8\" target=\"_blank\">Fitou, la garrigue 13\/04\/2023<\/a><br><a rel=\"noreferrer noopener\" href=\"https:\/\/photos.app.goo.gl\/CKX9rkDGD8ghUaTJ7\" target=\"_blank\">Corb\u00e8re les Cabanes 06\/04\/2023<\/a><br><a rel=\"noreferrer noopener\" href=\"https:\/\/photos.app.goo.gl\/NX6Bcp5XZDP1mhvz6\" target=\"_blank\">Molitg les Bains 11\/02\/2023<\/a><br><a rel=\"noreferrer noopener\" href=\"https:\/\/photos.app.goo.gl\/UjfPtL9mfrJyp9Rc8\" target=\"_blank\">Villefranche de Conflent 13\/04\/2023<\/a><br><a rel=\"noreferrer noopener\" href=\"https:\/\/photos.app.goo.gl\/tvmT9GW8xh519ceB6\" target=\"_blank\">Fourques 18<\/a><a rel=\"noreferrer noopener\" href=\"https:\/\/photos.app.goo.gl\/tvmT9GW8xh519ceB6\" target=\"_blank\"> <\/a><a rel=\"noreferrer noopener\" href=\"https:\/\/photos.app.goo.gl\/tvmT9GW8xh519ceB6\" target=\"_blank\">20\/04\/2023<\/a><br><br><br><br><\/p>\n<\/div>\n\n\n\n<div class=\"wp-block-column is-layout-flow wp-block-column-is-layout-flow\">\n<p><a rel=\"noreferrer noopener\" href=\"https:\/\/photos.app.goo.gl\/KHtuB2RSUmBtUSAk9\" target=\"_blank\">Arles \/ Tech 18\/04\/2023<\/a><br><a rel=\"noreferrer noopener\" href=\"https:\/\/photos.app.goo.gl\/7vaN5GyxTyouAXcM9\" target=\"_blank\">Fourques 18 et 20\/04\/2023<\/a><br><a rel=\"noreferrer noopener\" href=\"https:\/\/photos.app.goo.gl\/8485RPiCVaSAEcz49\" target=\"_blank\">Montferrer &#8211; tour de la Souque 20\/04\/2023<\/a><br><a rel=\"noreferrer noopener\" href=\"https:\/\/photos.app.goo.gl\/F5Dis7Xzwv1attZW9\" target=\"_blank\">Montauriol 02\/05\/2023<\/a><br><a rel=\"noreferrer noopener\" href=\"https:\/\/photos.app.goo.gl\/fGJNdfjhFA6PyRgo9\" target=\"_blank\">Roses 06\/05\/2023<\/a><br><a rel=\"noreferrer noopener\" href=\"https:\/\/photos.app.goo.gl\/ct4YbARScK9z1kwG7\" target=\"_blank\">Roses 07\/05\/2023<\/a><br><a rel=\"noreferrer noopener\" href=\"https:\/\/photos.app.goo.gl\/M3mDew6QjGry61rn7\" target=\"_blank\">Corb\u00e8re de Dalt 09 11\/05\/2023<\/a><br><a rel=\"noreferrer noopener\" href=\"https:\/\/photos.app.goo.gl\/nLfGoUqpjsSiLKEf8\" target=\"_blank\">Ma\u00e7anet 09\/05\/2023<\/a><br><a rel=\"noreferrer noopener\" href=\"https:\/\/photos.app.goo.gl\/popjRabTJaw6W43o8\" target=\"_blank\">Ria 11\/05\/2023<\/a><br><a rel=\"noreferrer noopener\" href=\"https:\/\/photos.app.goo.gl\/HSFddi6oFTMjFTkQ6\" target=\"_blank\">Laroque 16\/05\/2023<\/a><\/p>\n\n\n\n<p><\/p>\n\n\n\n<p><br><a rel=\"noreferrer noopener\" href=\"https:\/\/photos.app.goo.gl\/Z8pyMDBzRnQ7BGoT6\" target=\"_blank\">Vernet 21\/09\/2023<\/a><br><a rel=\"noreferrer noopener\" href=\"https:\/\/photos.app.goo.gl\/Ja1DYrDxZZrGUUuE9\" target=\"_blank\">Cattlar 26\/09\/202<\/a>3<br><a rel=\"noreferrer noopener\" href=\"https:\/\/photos.app.goo.gl\/saFNFYKk8CWGjdNw7\" target=\"_blank\">Thues 28\/09\/2023<\/a><br><a rel=\"noreferrer noopener\" href=\"https:\/\/photos.app.goo.gl\/keHKiyg4G9u5YmRn7\" target=\"_blank\">Caramany Trilla 03\/10\/2023<\/a><br><a href=\"https:\/\/photos.app.goo.gl\/22ui12b1e5WzfyXo6\">Mosset 05\/1<\/a><a rel=\"noreferrer noopener\" href=\"https:\/\/photos.app.goo.gl\/22ui12b1e5WzfyXo6\" target=\"_blank\">0\/2023<\/a><br><a rel=\"noreferrer noopener\" href=\"https:\/\/photos.app.goo.gl\/r5V4UyXNLbsrtnAH6\" target=\"_blank\">Villefranche Conflent 10\/10\/2023<\/a><br><a rel=\"noreferrer noopener\" href=\"https:\/\/photos.app.goo.gl\/URf4S4pgL8s5KAPr8\" target=\"_blank\">Les Angles 12\/10\/2023<\/a><br><a rel=\"noreferrer noopener\" href=\"https:\/\/photos.app.goo.gl\/gAXn6iTYesmprVF99\" data-type=\"link\" data-id=\"https:\/\/photos.app.goo.gl\/gAXn6iTYesmprVF99\" target=\"_blank\">Jujols 17\/10\/2023<\/a><br><a rel=\"noreferrer noopener\" href=\"https:\/\/photos.app.goo.gl\/9kE9BpM4fJArx86n7\" data-type=\"link\" data-id=\"https:\/\/photos.app.goo.gl\/9kE9BpM4fJArx86n7\" target=\"_blank\">Evol 19\/10\/2023<\/a><br><a href=\"https:\/\/photos.app.goo.gl\/UUnS6SMPLEjfzQVa8\" data-type=\"link\" data-id=\"https:\/\/photos.app.goo.gl\/UUnS6SMPLEjfzQVa8\">Darn<\/a><a rel=\"noreferrer noopener\" href=\"https:\/\/photos.app.goo.gl\/UUnS6SMPLEjfzQVa8\" data-type=\"link\" data-id=\"https:\/\/photos.app.goo.gl\/UUnS6SMPLEjfzQVa8\" target=\"_blank\">ius 2<\/a><a href=\"https:\/\/photos.app.goo.gl\/UUnS6SMPLEjfzQVa8\" data-type=\"link\" data-id=\"https:\/\/photos.app.goo.gl\/UUnS6SMPLEjfzQVa8\">4\/10\/2023<\/a><br><a rel=\"noreferrer noopener\" href=\"https:\/\/photos.app.goo.gl\/ikqZSRYLoeuEvk7t6\" data-type=\"link\" data-id=\"https:\/\/photos.app.goo.gl\/ikqZSRYLoeuEvk7t6\" target=\"_blank\">Arles 26\/10\/2023<\/a><br><a rel=\"noreferrer noopener\" href=\"https:\/\/photos.app.goo.gl\/ynAsnFMA4qpvmSEw6\" data-type=\"link\" data-id=\"https:\/\/photos.app.goo.gl\/ynAsnFMA4qpvmSEw6\" target=\"_blank\">Pezilla 31\/10\/2023<\/a><br><a rel=\"noreferrer noopener\" href=\"https:\/\/photos.app.goo.gl\/tXtmnq3xo7Rc9FJKA\" data-type=\"link\" data-id=\"https:\/\/photos.app.goo.gl\/tXtmnq3xo7Rc9FJKA\" target=\"_blank\">Padern 07\/11\/2023<\/a><br><a rel=\"noreferrer noopener\" href=\"https:\/\/photos.app.goo.gl\/y7bUfDE3TsJR3SVo8\" target=\"_blank\">Sournia 14\/11\/2023<\/a><br><a rel=\"noreferrer noopener\" href=\"https:\/\/photos.app.goo.gl\/rCcBNdWY9jV52WGr9\" data-type=\"link\" data-id=\"https:\/\/photos.app.goo.gl\/rCcBNdWY9jV52WGr9\" target=\"_blank\">Le Perthus16\/11\/2023<\/a><br><a rel=\"noreferrer noopener\" href=\"https:\/\/photos.app.goo.gl\/BA2sZPuoLkGEU1gY6\" data-type=\"link\" data-id=\"https:\/\/photos.app.goo.gl\/BA2sZPuoLkGEU1gY6\" target=\"_blank\">Boule d&#8217;Amont 21\/11\/2023<\/a><br><a rel=\"noreferrer noopener\" href=\"https:\/\/photos.app.goo.gl\/3stYG1KMPaCTFXco9\" data-type=\"link\" data-id=\"https:\/\/photos.app.goo.gl\/3stYG1KMPaCTFXco9\" target=\"_blank\">Laroque 23\/11\/2023<\/a><br><a rel=\"noreferrer noopener\" href=\"https:\/\/photos.app.goo.gl\/NQhsFFSKNpSPotePA\" data-type=\"link\" data-id=\"https:\/\/photos.app.goo.gl\/NQhsFFSKNpSPotePA\" target=\"_blank\">St Guillem 28\/11\/2023<\/a><br><a rel=\"noreferrer noopener\" href=\"https:\/\/photos.app.goo.gl\/kkcTXV38V8Kwzxw2A\" data-type=\"link\" data-id=\"https:\/\/photos.app.goo.gl\/kkcTXV38V8Kwzxw2A\" target=\"_blank\">Prats de Mollo 30\/11\/2023<\/a><br><a rel=\"noreferrer noopener\" href=\"https:\/\/photos.app.goo.gl\/k1nmqNNkh39uXSZF9\" data-type=\"link\" data-id=\"https:\/\/photos.app.goo.gl\/k1nmqNNkh39uXSZF9\" target=\"_blank\">Serralongue 07\/12\/2023<\/a><\/p>\n\n\n\n<p><a rel=\"noreferrer noopener\" href=\"https:\/\/photos.app.goo.gl\/vsxMCMABq7x3T6yX9\" data-type=\"link\" data-id=\"https:\/\/photos.app.goo.gl\/vsxMCMABq7x3T6yX9\" target=\"_blank\">Baillestavy 14\/12\/202<\/a>3<br><br><\/p>\n<\/div>\n<\/div>\n","protected":false},"excerpt":{"rendered":"<p>REPRISE 2021 Ceret 21\/09 Sor\u00e8de 28\/09 Oms 05\/10 Riunogu\u00e8s 12\/10 Serrat d&#8217;en Vaquer 13\/10 Laroque des Alb\u00e8res 19\/10 Argeles\/Mer 20\/10 Cerb\u00e8res 21\/10 Joch 09\/11 Fourques 09\/11 Toreilles 17\/11 Leucate 18\/11 Marche Nordique 19\/11 Feuilla&#46;&#46;&#46;<\/p>\n","protected":false},"author":31,"featured_media":0,"parent":1250,"menu_order":0,"comment_status":"closed","ping_status":"closed","template":"","meta":{"footnotes":""},"class_list":["post-1262","page","type-page","status-publish","hentry"],"_links":{"self":[{"href":"https:\/\/canetaccueil.com\/index.php\/wp-json\/wp\/v2\/pages\/1262","targetHints":{"allow":["GET"]}}],"collection":[{"href":"https:\/\/canetaccueil.com\/index.php\/wp-json\/wp\/v2\/pages"}],"about":[{"href":"https:\/\/canetaccueil.com\/index.php\/wp-json\/wp\/v2\/types\/page"}],"author":[{"embeddable":true,"href":"https:\/\/canetaccueil.com\/index.php\/wp-json\/wp\/v2\/users\/31"}],"replies":[{"embeddable":true,"href":"https:\/\/canetaccueil.com\/index.php\/wp-json\/wp\/v2\/comments?post=1262"}],"version-history":[{"count":180,"href":"https:\/\/canetaccueil.com\/index.php\/wp-json\/wp\/v2\/pages\/1262\/revisions"}],"predecessor-version":[{"id":7227,"href":"https:\/\/canetaccueil.com\/index.php\/wp-json\/wp\/v2\/pages\/1262\/revisions\/7227"}],"up":[{"embeddable":true,"href":"https:\/\/canetaccueil.com\/index.php\/wp-json\/wp\/v2\/pages\/1250"}],"wp:attachment":[{"href":"https:\/\/canetaccueil.com\/index.php\/wp-json\/wp\/v2\/media?parent=1262"}],"curies":[{"name":"wp","href":"https:\/\/api.w.org\/{rel}","templated":true}]}}